{"id":247,"date":"2018-09-25T09:48:39","date_gmt":"2018-09-25T07:48:39","guid":{"rendered":"https:\/\/lafrenchcoop.fr\/site\/?page_id=247"},"modified":"2025-09-24T01:31:42","modified_gmt":"2025-09-23T23:31:42","slug":"accueil","status":"publish","type":"page","link":"https:\/\/lafrenchcoop.fr\/site\/","title":{"rendered":"Accueil"},"content":{"rendered":"<h1 style=\"text-align: center;\"><strong>Rejoignez-nous !<\/strong><\/h1>\n<h4 style=\"text-align: center;\">20 rue Maurice Bokanowski \u2022 92600 Asni\u00e8res-sur-Seine<\/h4>\n\n\n<h6 class=\"has-text-align-center\">Notre \u00e9picerie coop\u00e9rative est ouverte \u00e0 nos adh\u00e9rents. <br>Si vous souhaitez rejoindre l\u2019aventure, vous pouvez <a href=\"https:\/\/lafrenchcoop.fr\/site\/wp-content\/uploads\/2024\/01\/240112La.French.Coop_bulletin-souscription-V1.janv24.pdf\" class=\"su-button su-button-style-flat\" style=\"color:#FFFFFF;background-color:#5ab031;border-color:#488d28;border-radius:7px;-moz-border-radius:7px;-webkit-border-radius:7px\" target=\"_blank\" rel=\"noopener noreferrer\"><span style=\"color:#FFFFFF;padding:0px 20px;font-size:16px;line-height:32px;border-color:#8cc86f;border-radius:7px;-moz-border-radius:7px;-webkit-border-radius:7px;text-shadow:none;-moz-text-shadow:none;-webkit-text-shadow:none\"> souscrire pour 2025<\/span><\/a> <strong><em>(bulletin de souscription t\u00e9l\u00e9chargeable)<\/em><\/strong>.<\/h6>\n\n\n\n<div style=\"height:20px\" aria-hidden=\"true\" class=\"wp-block-spacer\"><\/div>\n\n\n\n<h6 class=\"has-text-align-center\">Vous souhaitez nous soutenir autrement ? Vous pouvez <a href=\"https:\/\/www.helloasso.com\/associations\/les-amis-de-la-french-coop\/formulaires\/1\" target=\"_blank\" rel=\"noreferrer noopener\">r\u00e9aliser un don<\/a>.<\/h6>\n\n\n\n<div style=\"height:20px\" aria-hidden=\"true\" class=\"wp-block-spacer\"><\/div>\n\n\n\n<p>Pour celles et ceux qui cherchent \u00e0 consommer autrement et d\u00e9cider de l\u2019offre de produits qu\u2019ils souhaitent avoir: vous cherchez \u00e0 passer de la consommation \u00e0 la <strong>consom\u2019action<\/strong>&nbsp;? Trouver des produits de <strong>qualit\u00e9 <\/strong>qu&rsquo;on ne trouve pas ailleurs, avec une d\u00e9marche r\u00e9fl\u00e9chie et<strong> \u00e9co-responsable<\/strong>, et  pouvoir contribuer \u00e0 une <strong>juste r\u00e9mun\u00e9ration<\/strong> des producteurs en favorisant les circuits courts?<\/p>\n\n\n\n<p>Vous souhaitez rejoindre un <strong>projet participatif local<\/strong>, qui a du sens, rencontrer des personnes aux <strong>valeurs <\/strong>similaires et prendre part \u00e0 des <strong>activit\u00e9s instructives et conviviales<\/strong> en lien avec l&rsquo;alimentation responsable, le go\u00fbt, l&rsquo;environnement, et bien d\u2019autres sujets&nbsp;? La French Coop vous propose cette alternative \u00e0 la consommation passive et impersonnelle; <strong>rejoignez nous<\/strong> !<\/p>\n\n\n\n<div style=\"height:20px\" aria-hidden=\"true\" class=\"wp-block-spacer\"><\/div>\n\n\n\n<p class=\"has-text-align-center\">Pour toute question, vous pouvez nous joindre aux heures d\u2019ouverture au 09 80 78 86 04.<\/p>\n","protected":false},"excerpt":{"rendered":"<p>Rejoignez-nous ! 20 rue Maurice Bokanowski \u2022 92600 Asni\u00e8res-sur-Seine Notre \u00e9picerie coop\u00e9rative est ouverte \u00e0 nos adh\u00e9rents. Si vous souhaitez rejoindre l\u2019aventure, vous pouvez (bulletin de souscription t\u00e9l\u00e9chargeable). Vous souhaitez nous soutenir autrement ? Vous pouvez r\u00e9aliser un don. Pour celles et ceux qui cherchent \u00e0 consommer autrement et d\u00e9cider [&hellip;]<\/p>\n","protected":false},"author":4,"featured_media":0,"parent":0,"menu_order":0,"comment_status":"closed","ping_status":"closed","template":"","meta":[],"yoast_head":"<!-- This site is optimized with the Yoast SEO plugin v17.9 - https:\/\/yoast.com\/wordpress\/plugins\/seo\/ -->\n<title>La French Coop - L&#039;\u00e9picerie coop\u00e9rative \u00e0 Asni\u00e8res-sur-Seine<\/title>\n<meta name=\"description\" content=\"La French Coop est un projet d&#039;\u00e9picerie coop\u00e9rative qui privil\u00e9gie le bio, le local et le circuit court. Tout le monde peut y participer !\" \/>\n<meta name=\"robots\" content=\"index, follow, max-snippet:-1, max-image-preview:large, max-video-preview:-1\" \/>\n<link rel=\"canonical\" href=\"https:\/\/lafrenchcoop.fr\/site\/\" \/>\n<meta property=\"og:locale\" content=\"fr_FR\" \/>\n<meta property=\"og:type\" content=\"article\" \/>\n<meta property=\"og:title\" content=\"La French Coop - L&#039;\u00e9picerie coop\u00e9rative \u00e0 Asni\u00e8res-sur-Seine\" \/>\n<meta property=\"og:description\" content=\"La French Coop est un projet d&#039;\u00e9picerie coop\u00e9rative qui privil\u00e9gie le bio, le local et le circuit court. Tout le monde peut y participer !\" \/>\n<meta property=\"og:url\" content=\"https:\/\/lafrenchcoop.fr\/site\/\" \/>\n<meta property=\"og:site_name\" content=\"La French Coop\" \/>\n<meta property=\"article:publisher\" content=\"https:\/\/www.facebook.com\/lafrenchcoop\/\" \/>\n<meta property=\"article:modified_time\" content=\"2025-09-23T23:31:42+00:00\" \/>\n<meta property=\"og:image\" content=\"https:\/\/lafrenchcoop.fr\/site\/wp-content\/uploads\/2019\/03\/2-LAFC-RVB-700_700.png\" \/>\n\t<meta property=\"og:image:width\" content=\"700\" \/>\n\t<meta property=\"og:image:height\" content=\"700\" \/>\n\t<meta property=\"og:image:type\" content=\"image\/png\" \/>\n<meta name=\"twitter:card\" content=\"summary_large_image\" \/>\n<meta name=\"twitter:site\" content=\"@FrenchCoop\" \/>\n<meta name=\"twitter:label1\" content=\"Dur\u00e9e de lecture estim\u00e9e\" \/>\n\t<meta name=\"twitter:data1\" content=\"1 minute\" \/>\n<script type=\"application\/ld+json\" class=\"yoast-schema-graph\">{\"@context\":\"https:\/\/schema.org\",\"@graph\":[{\"@type\":\"WebSite\",\"@id\":\"https:\/\/lafrenchcoop.fr\/site\/#website\",\"url\":\"https:\/\/lafrenchcoop.fr\/site\/\",\"name\":\"La French Coop\",\"description\":\"L&#039;\\u00e9picerie coop\\u00e9rative et participative d&#039;Asni\\u00e8res-sur-Seine !\",\"potentialAction\":[{\"@type\":\"SearchAction\",\"target\":{\"@type\":\"EntryPoint\",\"urlTemplate\":\"https:\/\/lafrenchcoop.fr\/site\/?s={search_term_string}\"},\"query-input\":\"required name=search_term_string\"}],\"inLanguage\":\"fr-FR\"},{\"@type\":\"ImageObject\",\"@id\":\"https:\/\/lafrenchcoop.fr\/site\/#primaryimage\",\"inLanguage\":\"fr-FR\",\"url\":\"https:\/\/lafrenchcoop.fr\/site\/wp-content\/uploads\/2019\/03\/2-LAFC-RVB-700_700.png\",\"contentUrl\":\"https:\/\/lafrenchcoop.fr\/site\/wp-content\/uploads\/2019\/03\/2-LAFC-RVB-700_700.png\",\"width\":700,\"height\":700},{\"@type\":\"WebPage\",\"@id\":\"https:\/\/lafrenchcoop.fr\/site\/#webpage\",\"url\":\"https:\/\/lafrenchcoop.fr\/site\/\",\"name\":\"La French Coop - L'\\u00e9picerie coop\\u00e9rative \\u00e0 Asni\\u00e8res-sur-Seine\",\"isPartOf\":{\"@id\":\"https:\/\/lafrenchcoop.fr\/site\/#website\"},\"datePublished\":\"2018-09-25T07:48:39+00:00\",\"dateModified\":\"2025-09-23T23:31:42+00:00\",\"description\":\"La French Coop est un projet d'\\u00e9picerie coop\\u00e9rative qui privil\\u00e9gie le bio, le local et le circuit court. Tout le monde peut y participer !\",\"breadcrumb\":{\"@id\":\"https:\/\/lafrenchcoop.fr\/site\/#breadcrumb\"},\"inLanguage\":\"fr-FR\",\"potentialAction\":[{\"@type\":\"ReadAction\",\"target\":[\"https:\/\/lafrenchcoop.fr\/site\/\"]}]},{\"@type\":\"BreadcrumbList\",\"@id\":\"https:\/\/lafrenchcoop.fr\/site\/#breadcrumb\",\"itemListElement\":[{\"@type\":\"ListItem\",\"position\":1,\"name\":\"Accueil\",\"item\":\"https:\/\/lafrenchcoop.fr\/site\/\"},{\"@type\":\"ListItem\",\"position\":2,\"name\":\"Accueil\"}]}]}<\/script>\n<!-- \/ Yoast SEO plugin. -->","yoast_head_json":{"title":"La French Coop - L'\u00e9picerie coop\u00e9rative \u00e0 Asni\u00e8res-sur-Seine","description":"La French Coop est un projet d'\u00e9picerie coop\u00e9rative qui privil\u00e9gie le bio, le local et le circuit court. Tout le monde peut y participer !","robots":{"index":"index","follow":"follow","max-snippet":"max-snippet:-1","max-image-preview":"max-image-preview:large","max-video-preview":"max-video-preview:-1"},"canonical":"https:\/\/lafrenchcoop.fr\/site\/","og_locale":"fr_FR","og_type":"article","og_title":"La French Coop - L'\u00e9picerie coop\u00e9rative \u00e0 Asni\u00e8res-sur-Seine","og_description":"La French Coop est un projet d'\u00e9picerie coop\u00e9rative qui privil\u00e9gie le bio, le local et le circuit court. Tout le monde peut y participer !","og_url":"https:\/\/lafrenchcoop.fr\/site\/","og_site_name":"La French Coop","article_publisher":"https:\/\/www.facebook.com\/lafrenchcoop\/","article_modified_time":"2025-09-23T23:31:42+00:00","og_image":[{"width":700,"height":700,"url":"https:\/\/lafrenchcoop.fr\/site\/wp-content\/uploads\/2019\/03\/2-LAFC-RVB-700_700.png","type":"image\/png"}],"twitter_card":"summary_large_image","twitter_site":"@FrenchCoop","twitter_misc":{"Dur\u00e9e de lecture estim\u00e9e":"1 minute"},"schema":{"@context":"https:\/\/schema.org","@graph":[{"@type":"WebSite","@id":"https:\/\/lafrenchcoop.fr\/site\/#website","url":"https:\/\/lafrenchcoop.fr\/site\/","name":"La French Coop","description":"L&#039;\u00e9picerie coop\u00e9rative et participative d&#039;Asni\u00e8res-sur-Seine !","potentialAction":[{"@type":"SearchAction","target":{"@type":"EntryPoint","urlTemplate":"https:\/\/lafrenchcoop.fr\/site\/?s={search_term_string}"},"query-input":"required name=search_term_string"}],"inLanguage":"fr-FR"},{"@type":"ImageObject","@id":"https:\/\/lafrenchcoop.fr\/site\/#primaryimage","inLanguage":"fr-FR","url":"https:\/\/lafrenchcoop.fr\/site\/wp-content\/uploads\/2019\/03\/2-LAFC-RVB-700_700.png","contentUrl":"https:\/\/lafrenchcoop.fr\/site\/wp-content\/uploads\/2019\/03\/2-LAFC-RVB-700_700.png","width":700,"height":700},{"@type":"WebPage","@id":"https:\/\/lafrenchcoop.fr\/site\/#webpage","url":"https:\/\/lafrenchcoop.fr\/site\/","name":"La French Coop - L'\u00e9picerie coop\u00e9rative \u00e0 Asni\u00e8res-sur-Seine","isPartOf":{"@id":"https:\/\/lafrenchcoop.fr\/site\/#website"},"datePublished":"2018-09-25T07:48:39+00:00","dateModified":"2025-09-23T23:31:42+00:00","description":"La French Coop est un projet d'\u00e9picerie coop\u00e9rative qui privil\u00e9gie le bio, le local et le circuit court. Tout le monde peut y participer !","breadcrumb":{"@id":"https:\/\/lafrenchcoop.fr\/site\/#breadcrumb"},"inLanguage":"fr-FR","potentialAction":[{"@type":"ReadAction","target":["https:\/\/lafrenchcoop.fr\/site\/"]}]},{"@type":"BreadcrumbList","@id":"https:\/\/lafrenchcoop.fr\/site\/#breadcrumb","itemListElement":[{"@type":"ListItem","position":1,"name":"Accueil","item":"https:\/\/lafrenchcoop.fr\/site\/"},{"@type":"ListItem","position":2,"name":"Accueil"}]}]}},"_links":{"self":[{"href":"https:\/\/lafrenchcoop.fr\/site\/wp-json\/wp\/v2\/pages\/247"}],"collection":[{"href":"https:\/\/lafrenchcoop.fr\/site\/wp-json\/wp\/v2\/pages"}],"about":[{"href":"https:\/\/lafrenchcoop.fr\/site\/wp-json\/wp\/v2\/types\/page"}],"author":[{"embeddable":true,"href":"https:\/\/lafrenchcoop.fr\/site\/wp-json\/wp\/v2\/users\/4"}],"replies":[{"embeddable":true,"href":"https:\/\/lafrenchcoop.fr\/site\/wp-json\/wp\/v2\/comments?post=247"}],"version-history":[{"count":123,"href":"https:\/\/lafrenchcoop.fr\/site\/wp-json\/wp\/v2\/pages\/247\/revisions"}],"predecessor-version":[{"id":194481,"href":"https:\/\/lafrenchcoop.fr\/site\/wp-json\/wp\/v2\/pages\/247\/revisions\/194481"}],"wp:attachment":[{"href":"https:\/\/lafrenchcoop.fr\/site\/wp-json\/wp\/v2\/media?parent=247"}],"curies":[{"name":"wp","href":"https:\/\/api.w.org\/{rel}","templated":true}]}}